{"id":850,"date":"2023-08-25T12:50:19","date_gmt":"2023-08-25T09:50:19","guid":{"rendered":"https:\/\/stancile-prutului.md\/?page_id=850"},"modified":"2023-10-11T02:34:30","modified_gmt":"2023-10-10T23:34:30","slug":"gal-presentation","status":"publish","type":"page","link":"https:\/\/stancile-prutului.md\/en\/gal-presentation\/","title":{"rendered":"GAL presentation"},"content":{"rendered":"\n<h4 class=\"wp-block-heading\">Informa\u021bie general\u0103 despre GAL<\/h4>\n\n\n\n<p>Grupul de Ac\u021biune Local\u0103 \u201eSt\u00e2ncile Prutului\u201d a fost creat \u00een baza implement\u0103rii abord\u0103rii europene LEADER \u00een cadrul programului \u201d Dezvoltarea comunit\u0103\u021bilor rurale prin prisma abord\u0103rii LEADER \u0219i a Grupurilor de Ac\u021biune Local\u0103\u201d, finan\u021bat de Funda\u021bia Elve\u021bian\u0103 HEKS, implementat de AO \u201dPro Cooperare Regional\u0103\u201d.<\/p>\n\n\n\n<p>Din punct de vedere geografic GAL \u201dSt\u00e2ncile Prutului\u201d este situat \u00een partea de Nord-Vest a Republicii&nbsp; Moldova, a\u0219ezat la 181,7 km de capitala \u021b\u0103rii or.Chi\u0219in\u0103u. GAL \u201dSt\u00e2ncile Prutului\u201d se m\u0103rgine\u0219te la Vest pe r\u00eeul Prut cu jude\u021bul Boto\u0219ani (Rom\u00e2nia), la Nord cu raionul R\u00ee\u0219cani, la Est cu municipiul B\u0103l\u021bi, iar la Sud cu raionul F\u0103le\u0219ti. Suprafa\u021ba total\u0103 a GAL \u201dSt\u00e2ncile Prutului\u201d&nbsp; este de 469,36&nbsp; km<sup>2<\/sup>, ceea ce reprezinta 1,47 % din teritoriul \u021b\u0103rii, cu o popula\u021bie de 33 792 locuitori, sau 1,0 % din popula\u021bia \u021b\u0103rii.<\/p>\n\n\n\n<figure class=\"wp-block-image size-large\"><img decoding=\"async\" loading=\"lazy\" width=\"1024\" height=\"684\" src=\"https:\/\/stancile-prutului.md\/wp-content\/uploads\/2023\/10\/anitoi-veaceslav-vea_4212-1024x684.jpg\" alt=\"\" class=\"wp-image-2570\" srcset=\"https:\/\/stancile-prutului.md\/wp-content\/uploads\/2023\/10\/anitoi-veaceslav-vea_4212-1024x684.jpg 1024w, https:\/\/stancile-prutului.md\/wp-content\/uploads\/2023\/10\/anitoi-veaceslav-vea_4212-300x200.jpg 300w, https:\/\/stancile-prutului.md\/wp-content\/uploads\/2023\/10\/anitoi-veaceslav-vea_4212-768x513.jpg 768w, https:\/\/stancile-prutului.md\/wp-content\/uploads\/2023\/10\/anitoi-veaceslav-vea_4212-1536x1025.jpg 1536w, https:\/\/stancile-prutului.md\/wp-content\/uploads\/2023\/10\/anitoi-veaceslav-vea_4212-1568x1047.jpg 1568w, https:\/\/stancile-prutului.md\/wp-content\/uploads\/2023\/10\/anitoi-veaceslav-vea_4212.jpg 1766w\" sizes=\"(max-width: 1024px) 100vw, 1024px\" \/><\/figure>\n\n\n\n<p>Teritoriul este traversat de drumurile R15, R53 \u0219i R57 ce une\u015fte punctele principale de atrac\u021bie ale zonei cu ora\u0219ul B\u0103l\u021bi, cel mai mare ora\u0219 din Regiunea de Dezvoltare &#8211; Nord \u0219i legat mai departe de Chi\u0219in\u0103u de traseul M14. Distan\u021ba medie dintre B\u0103l\u021bi (a doua \u015fi cea mai mare a\u0219ezare urban\u0103 \u00een Republica Moldova) cu&nbsp; localit\u0103\u021bile din GAL este de aproximativ de 43,8 km, iar distan\u021ba medie dintre Chi\u0219in\u0103u \u0219i localit\u0103\u021bile GAL-ului este de circa 181,7 km. De asemenea la o distan\u0163\u0103 de aprox. 80 km de zona GAL se afl\u0103 \u0219i ora\u0219ul Boto\u0219ani (Rom\u00e2nia). Aceste caracteristici geografice favorizeaz\u0103 localizarea teritoriului prin distan\u021be \u0219i leg\u0103turi cu centre importante \u00een timp rezonabil. &nbsp;&nbsp;&nbsp;&nbsp;<\/p>\n\n\n\n<p>Zona este caracterizat\u0103 de patrimoniul s\u0103u natural unical: monumentul natural &#8220;St\u00e2ncile Prutului&#8221;- s. Cobani \u0219i com. Camenca, rezerva\u021biile naturale &#8220;Padurea Domneasca&#8221; -com. Balatina, \u201dSuta de Movile\u201d- s. Cobani, \u0219i patrimoniul cultural valoros (folclor, me\u0219te\u0219uguri \u0219i buc\u0103t\u0103ria tradi\u021bional\u0103) ce ofer\u0103 oportunit\u0103\u021bi de dezvoltare a turismului rural. <\/p>\n\n\n\n<figure class=\"wp-block-image size-large\"><img decoding=\"async\" loading=\"lazy\" width=\"1024\" height=\"684\" src=\"https:\/\/stancile-prutului.md\/wp-content\/uploads\/2023\/10\/anitoi-veaceslav-vea_4593-1024x684.jpg\" alt=\"\" class=\"wp-image-2574\" srcset=\"https:\/\/stancile-prutului.md\/wp-content\/uploads\/2023\/10\/anitoi-veaceslav-vea_4593-1024x684.jpg 1024w, https:\/\/stancile-prutului.md\/wp-content\/uploads\/2023\/10\/anitoi-veaceslav-vea_4593-300x200.jpg 300w, https:\/\/stancile-prutului.md\/wp-content\/uploads\/2023\/10\/anitoi-veaceslav-vea_4593-768x513.jpg 768w, https:\/\/stancile-prutului.md\/wp-content\/uploads\/2023\/10\/anitoi-veaceslav-vea_4593-1536x1025.jpg 1536w, https:\/\/stancile-prutului.md\/wp-content\/uploads\/2023\/10\/anitoi-veaceslav-vea_4593-1568x1047.jpg 1568w, https:\/\/stancile-prutului.md\/wp-content\/uploads\/2023\/10\/anitoi-veaceslav-vea_4593.jpg 1766w\" sizes=\"(max-width: 1024px) 100vw, 1024px\" \/><\/figure>\n\n\n\n<p>Ramura de baz\u0103 a economiei microregiunii este agricultura: culturile de c\u00eemp (cereale, floarea soarelui), cultivarea fructelor \u0219i legumelor cu potential de producere a produselor cu valoare ad\u0103ugat\u0103, inclusiv regionale. Cre\u0219terea bovinelor \u0219i ovinelor pentru producerea laptelui \u0219i a br\u00e2nzeturilor sunt \u00eendeletniciri tradi\u021bionale ale popula\u021biei locale.<\/p>\n\n\n\n<p>Din punct de vedere al componen\u021bei teritorial-administrative, parteneriatul GAL \u201dSt\u00e2ncile Prutului\u201d este constituit din 21 localit\u0103\u021bi, concentrate \u00een 10 prim\u0103rii, s. Cajba, com. Balatina, s. Cobani, com. Camenca, s. H\u00eejdieni, com. Danu, com. Iabloana, s. Sturzovca, or. Glodeni, s. Petrunea din r-l Glodeni, inclusiv 4 comune cu 14 sate \u00een componen\u021ba lor \u0219i un ora\u0219 cu popula\u021bia de 8676 locuitori. Sediul GAL \u201dSt\u00e2ncile Prutului\u201d este \u00een or. Glodeni. Popula\u021bia GAL \u201dSt\u00e2ncile Prutului\u201d este de 33792 locuitori.<\/p>\n\n\n\n<figure class=\"wp-block-image size-large\"><img decoding=\"async\" loading=\"lazy\" width=\"1024\" height=\"683\" src=\"https:\/\/stancile-prutului.md\/wp-content\/uploads\/2023\/10\/levinet-veaceslav-gal-stancile-prutului-69-1024x683.jpg\" alt=\"\" class=\"wp-image-2577\" srcset=\"https:\/\/stancile-prutului.md\/wp-content\/uploads\/2023\/10\/levinet-veaceslav-gal-stancile-prutului-69-1024x683.jpg 1024w, https:\/\/stancile-prutului.md\/wp-content\/uploads\/2023\/10\/levinet-veaceslav-gal-stancile-prutului-69-300x200.jpg 300w, https:\/\/stancile-prutului.md\/wp-content\/uploads\/2023\/10\/levinet-veaceslav-gal-stancile-prutului-69-768x512.jpg 768w, https:\/\/stancile-prutului.md\/wp-content\/uploads\/2023\/10\/levinet-veaceslav-gal-stancile-prutului-69-1536x1024.jpg 1536w, https:\/\/stancile-prutului.md\/wp-content\/uploads\/2023\/10\/levinet-veaceslav-gal-stancile-prutului-69-1568x1045.jpg 1568w, https:\/\/stancile-prutului.md\/wp-content\/uploads\/2023\/10\/levinet-veaceslav-gal-stancile-prutului-69.jpg 1920w\" sizes=\"(max-width: 1024px) 100vw, 1024px\" \/><\/figure>\n\n\n\n<p>Crearea parteneriatului \u00eentre cele 10 unit\u0103\u021bi administrativ-teritoriale constituie pentru noi, locuitorii acestei zone, o oportunitate de aliniere la practicile europene privind dezvoltarea rural\u0103, iar anii de munc\u0103 \u00een comun ne-au \u00eenv\u0103\u021bat s\u0103 ne identific\u0103m ca un tot \u00eentreg, pentru a face fa\u021b\u0103 mai u\u0219or provoc\u0103rilor cotidiene \u0219i celor de durat\u0103.<\/p>\n\n\n\n<p>Pentru a impulsiona dezvoltarea economic\u0103 \u00een teritoriul nostru, organele GAL sunt implicate permanent \u00een procesul de monitorizare al implement\u0103rii \u0219i atingerii indicatorilor stabili\u021bi \u00een Planul Strategic de Ac\u021biuni. Totodat\u0103 ne-am trasat direc\u021biile pe care le vom exploata de comun acord, \u00een cadrul Grupului de Ac\u021biune Local\u0103.<\/p>\n\n\n<div class=\"wrap-custom-block info-block-bordered\">\r\n    <div class=\"theme-gal theme-wrapper-bordered-text wrapped-text\">\r\n        \n\n<p>Pe parcursul a 5 ani de activitate, asocia\u021bia a implementat 60 de proiecte de dezvoltare local\u0103 cu un buget de peste 10 milioane de lei.<\/p>\n\n    <\/div>\r\n<\/div>\r\n\n\n\n<p>\u00cen perspectiv\u0103, GAL \u201eSt\u00e2ncile Prutului\u201d \u00ee\u0219i planific\u0103 ac\u021biunile&nbsp; pe termen scurt \u0219i mediu at\u00e2t \u00een vederea dezvolt\u0103rii teritoriului zonei GAL, c\u00e2t \u0219i \u00een sensul dezvolt\u0103rii poten\u021bialului institu\u021bional al parteneriatului nostru. Tindem s\u0103 dezvolt\u0103m spiritul de echip\u0103, munca prin cooperare \u0219i cre\u0219terea responsabilit\u0103\u021bii oamenilor fa\u021b\u0103 de locul de trai, fa\u021b\u0103 de posibilit\u0103\u021bile existente ce ar duce la o via\u021b\u0103 mai prosper\u0103, mai dezvoltat\u0103. P\u0103str\u0103m un accent deosebit pe dezvoltarea capacit\u0103\u021bilor la nivelul membrilor GAL \u0219i tindem s\u0103 \u00eembun\u0103t\u0103\u021bim practicile noastre, astfel \u00eenc\u00e2t GAL-ul s\u0103 fie competitiv \u00een continuare \u0219i chiar unul de referin\u021b\u0103, nu doar pentru zona de nord ci \u0219i pentru \u00eentreg teritoriul Republicii Moldova. Sper\u0103m s\u0103 transform\u0103m teritori<\/p>\n","protected":false},"excerpt":{"rendered":"<p>Informa\u021bie general\u0103 despre GAL Grupul de Ac\u021biune Local\u0103 \u201eSt\u00e2ncile Prutului\u201d a fost creat \u00een baza implement\u0103rii abord\u0103rii europene LEADER \u00een cadrul programului \u201d Dezvoltarea comunit\u0103\u021bilor rurale prin prisma abord\u0103rii LEADER&hellip; <a class=\"more-link\" href=\"https:\/\/stancile-prutului.md\/en\/gal-presentation\/\">Continue reading <span class=\"screen-reader-text\">GAL presentation<\/span><\/a><\/p>\n","protected":false},"author":1,"featured_media":0,"parent":0,"menu_order":0,"comment_status":"closed","ping_status":"closed","template":"templates\/template-prezentare.php","meta":{"_tec_requires_first_save":true,"inline_featured_image":false,"ub_ctt_via":"","_EventAllDay":false,"_EventTimezone":"","_EventStartDate":"","_EventEndDate":"","_EventStartDateUTC":"","_EventEndDateUTC":"","_EventShowMap":false,"_EventShowMapLink":false,"_EventURL":"","_EventCost":"","_EventCostDescription":"","_EventCurrencySymbol":"","_EventCurrencyCode":"","_EventCurrencyPosition":"","_EventDateTimeSeparator":"","_EventTimeRangeSeparator":"","_EventOrganizerID":[],"_EventVenueID":[],"_OrganizerEmail":"","_OrganizerPhone":"","_OrganizerWebsite":"","_VenueAddress":"","_VenueCity":"","_VenueCountry":"","_VenueProvince":"","_VenueState":"","_VenueZip":"","_VenuePhone":"","_VenueURL":"","_VenueStateProvince":"","_VenueLat":"","_VenueLng":"","_VenueShowMap":false,"_VenueShowMapLink":false,"_tribe_blocks_recurrence_rules":"","_tribe_blocks_recurrence_description":"","_tribe_blocks_recurrence_exclusions":"","footnotes":""},"featured_image_src":null,"jetpack_sharing_enabled":true,"acf":[],"_links":{"self":[{"href":"https:\/\/stancile-prutului.md\/en\/wp-json\/wp\/v2\/pages\/850"}],"collection":[{"href":"https:\/\/stancile-prutului.md\/en\/wp-json\/wp\/v2\/pages"}],"about":[{"href":"https:\/\/stancile-prutului.md\/en\/wp-json\/wp\/v2\/types\/page"}],"author":[{"embeddable":true,"href":"https:\/\/stancile-prutului.md\/en\/wp-json\/wp\/v2\/users\/1"}],"replies":[{"embeddable":true,"href":"https:\/\/stancile-prutului.md\/en\/wp-json\/wp\/v2\/comments?post=850"}],"version-history":[{"count":5,"href":"https:\/\/stancile-prutului.md\/en\/wp-json\/wp\/v2\/pages\/850\/revisions"}],"predecessor-version":[{"id":2608,"href":"https:\/\/stancile-prutului.md\/en\/wp-json\/wp\/v2\/pages\/850\/revisions\/2608"}],"wp:attachment":[{"href":"https:\/\/stancile-prutului.md\/en\/wp-json\/wp\/v2\/media?parent=850"}],"curies":[{"name":"wp","href":"https:\/\/api.w.org\/{rel}","templated":true}]}}